{"id":1413,"date":"2025-06-19T11:32:39","date_gmt":"2025-06-19T10:32:39","guid":{"rendered":"http:\/\/prayerspacesinschools.com\/quote\/it-was-the-first-time-i-prayed\/"},"modified":"2025-07-16T02:24:25","modified_gmt":"2025-07-16T01:24:25","slug":"it-was-the-first-time-i-prayed","status":"publish","type":"quote","link":"http:\/\/prayerspacesinschools.com\/es\/quote\/it-was-the-first-time-i-prayed\/","title":{"rendered":"Fue la primera vez que or\u00e9."},"content":{"rendered":"\n<p>El espacio de oraci\u00f3n me hizo pensar en la oraci\u00f3n, y usar los post-its fue de mucha ayuda. Me dio una forma de orar. Fue la primera vez que or\u00e9 de verdad.<\/p>\n","protected":false},"featured_media":0,"template":"","class_list":["post-1413","quote","type-quote","status-publish","hentry"],"acf":[],"yoast_head":"<!-- This site is optimized with the Yoast SEO plugin v27.4 - https:\/\/yoast.com\/product\/yoast-seo-wordpress\/ -->\n<title>Fue la primera vez que or\u00e9. - Prayer Spaces in Schools International<\/title>\n<meta name=\"robots\" content=\"index, follow, max-snippet:-1, max-image-preview:large, max-video-preview:-1\" \/>\n<link rel=\"canonical\" href=\"http:\/\/prayerspacesinschools.com\/es\/quote\/it-was-the-first-time-i-prayed\/\" \/>\n<meta property=\"og:locale\" content=\"es_ES\" \/>\n<meta property=\"og:type\" content=\"article\" \/>\n<meta property=\"og:title\" content=\"Fue la primera vez que or\u00e9. - Prayer Spaces in Schools International\" \/>\n<meta property=\"og:description\" content=\"El espacio de oraci\u00f3n me hizo pensar en la oraci\u00f3n, y usar los post-its fue de mucha ayuda. Me dio una forma de orar. Fue la primera vez que or\u00e9 de verdad.\" \/>\n<meta property=\"og:url\" content=\"http:\/\/prayerspacesinschools.com\/es\/quote\/it-was-the-first-time-i-prayed\/\" \/>\n<meta property=\"og:site_name\" content=\"Prayer Spaces in Schools International\" \/>\n<meta property=\"article:modified_time\" content=\"2025-07-16T01:24:25+00:00\" \/>\n<meta name=\"twitter:card\" content=\"summary_large_image\" \/>\n<script type=\"application\/ld+json\" class=\"yoast-schema-graph\">{\"@context\":\"https:\\\/\\\/schema.org\",\"@graph\":[{\"@type\":\"WebPage\",\"@id\":\"http:\\\/\\\/prayerspacesinschools.com\\\/es\\\/quote\\\/it-was-the-first-time-i-prayed\\\/\",\"url\":\"http:\\\/\\\/prayerspacesinschools.com\\\/es\\\/quote\\\/it-was-the-first-time-i-prayed\\\/\",\"name\":\"Fue la primera vez que or\u00e9. - Prayer Spaces in Schools International\",\"isPartOf\":{\"@id\":\"http:\\\/\\\/prayerspacesinschools.com\\\/fr\\\/#website\"},\"datePublished\":\"2025-06-19T10:32:39+00:00\",\"dateModified\":\"2025-07-16T01:24:25+00:00\",\"breadcrumb\":{\"@id\":\"http:\\\/\\\/prayerspacesinschools.com\\\/es\\\/quote\\\/it-was-the-first-time-i-prayed\\\/#breadcrumb\"},\"inLanguage\":\"es-ES\",\"potentialAction\":[{\"@type\":\"ReadAction\",\"target\":[\"http:\\\/\\\/prayerspacesinschools.com\\\/es\\\/quote\\\/it-was-the-first-time-i-prayed\\\/\"]}]},{\"@type\":\"BreadcrumbList\",\"@id\":\"http:\\\/\\\/prayerspacesinschools.com\\\/es\\\/quote\\\/it-was-the-first-time-i-prayed\\\/#breadcrumb\",\"itemListElement\":[{\"@type\":\"ListItem\",\"position\":1,\"name\":\"Home\",\"item\":\"http:\\\/\\\/prayerspacesinschools.com\\\/es\\\/\"},{\"@type\":\"ListItem\",\"position\":2,\"name\":\"Fue la primera vez que or\u00e9.\"}]},{\"@type\":\"WebSite\",\"@id\":\"http:\\\/\\\/prayerspacesinschools.com\\\/fr\\\/#website\",\"url\":\"http:\\\/\\\/prayerspacesinschools.com\\\/fr\\\/\",\"name\":\"Prayer Spaces in Schools\",\"description\":\"Creating space in schools where pupils can pause to reflect or pray\",\"publisher\":{\"@id\":\"http:\\\/\\\/prayerspacesinschools.com\\\/fr\\\/#organization\"},\"potentialAction\":[{\"@type\":\"SearchAction\",\"target\":{\"@type\":\"EntryPoint\",\"urlTemplate\":\"http:\\\/\\\/prayerspacesinschools.com\\\/fr\\\/?s={search_term_string}\"},\"query-input\":{\"@type\":\"PropertyValueSpecification\",\"valueRequired\":true,\"valueName\":\"search_term_string\"}}],\"inLanguage\":\"es-ES\"},{\"@type\":\"Organization\",\"@id\":\"http:\\\/\\\/prayerspacesinschools.com\\\/fr\\\/#organization\",\"name\":\"Prayer Spaces in Schools\",\"url\":\"http:\\\/\\\/prayerspacesinschools.com\\\/fr\\\/\",\"logo\":{\"@type\":\"ImageObject\",\"inLanguage\":\"es-ES\",\"@id\":\"http:\\\/\\\/prayerspacesinschools.com\\\/fr\\\/#\\\/schema\\\/logo\\\/image\\\/\",\"url\":\"http:\\\/\\\/prayerspacesinschools.com\\\/wp-content\\\/uploads\\\/2025\\\/07\\\/logo.svg\",\"contentUrl\":\"http:\\\/\\\/prayerspacesinschools.com\\\/wp-content\\\/uploads\\\/2025\\\/07\\\/logo.svg\",\"width\":125,\"height\":93,\"caption\":\"Prayer Spaces in Schools\"},\"image\":{\"@id\":\"http:\\\/\\\/prayerspacesinschools.com\\\/fr\\\/#\\\/schema\\\/logo\\\/image\\\/\"}}]}<\/script>\n<!-- \/ Yoast SEO plugin. -->","yoast_head_json":{"title":"Fue la primera vez que or\u00e9. - Prayer Spaces in Schools International","robots":{"index":"index","follow":"follow","max-snippet":"max-snippet:-1","max-image-preview":"max-image-preview:large","max-video-preview":"max-video-preview:-1"},"canonical":"http:\/\/prayerspacesinschools.com\/es\/quote\/it-was-the-first-time-i-prayed\/","og_locale":"es_ES","og_type":"article","og_title":"Fue la primera vez que or\u00e9. - Prayer Spaces in Schools International","og_description":"El espacio de oraci\u00f3n me hizo pensar en la oraci\u00f3n, y usar los post-its fue de mucha ayuda. Me dio una forma de orar. Fue la primera vez que or\u00e9 de verdad.","og_url":"http:\/\/prayerspacesinschools.com\/es\/quote\/it-was-the-first-time-i-prayed\/","og_site_name":"Prayer Spaces in Schools International","article_modified_time":"2025-07-16T01:24:25+00:00","twitter_card":"summary_large_image","schema":{"@context":"https:\/\/schema.org","@graph":[{"@type":"WebPage","@id":"http:\/\/prayerspacesinschools.com\/es\/quote\/it-was-the-first-time-i-prayed\/","url":"http:\/\/prayerspacesinschools.com\/es\/quote\/it-was-the-first-time-i-prayed\/","name":"Fue la primera vez que or\u00e9. - Prayer Spaces in Schools International","isPartOf":{"@id":"http:\/\/prayerspacesinschools.com\/fr\/#website"},"datePublished":"2025-06-19T10:32:39+00:00","dateModified":"2025-07-16T01:24:25+00:00","breadcrumb":{"@id":"http:\/\/prayerspacesinschools.com\/es\/quote\/it-was-the-first-time-i-prayed\/#breadcrumb"},"inLanguage":"es-ES","potentialAction":[{"@type":"ReadAction","target":["http:\/\/prayerspacesinschools.com\/es\/quote\/it-was-the-first-time-i-prayed\/"]}]},{"@type":"BreadcrumbList","@id":"http:\/\/prayerspacesinschools.com\/es\/quote\/it-was-the-first-time-i-prayed\/#breadcrumb","itemListElement":[{"@type":"ListItem","position":1,"name":"Home","item":"http:\/\/prayerspacesinschools.com\/es\/"},{"@type":"ListItem","position":2,"name":"Fue la primera vez que or\u00e9."}]},{"@type":"WebSite","@id":"http:\/\/prayerspacesinschools.com\/fr\/#website","url":"http:\/\/prayerspacesinschools.com\/fr\/","name":"Prayer Spaces in Schools","description":"Creating space in schools where pupils can pause to reflect or pray","publisher":{"@id":"http:\/\/prayerspacesinschools.com\/fr\/#organization"},"potentialAction":[{"@type":"SearchAction","target":{"@type":"EntryPoint","urlTemplate":"http:\/\/prayerspacesinschools.com\/fr\/?s={search_term_string}"},"query-input":{"@type":"PropertyValueSpecification","valueRequired":true,"valueName":"search_term_string"}}],"inLanguage":"es-ES"},{"@type":"Organization","@id":"http:\/\/prayerspacesinschools.com\/fr\/#organization","name":"Prayer Spaces in Schools","url":"http:\/\/prayerspacesinschools.com\/fr\/","logo":{"@type":"ImageObject","inLanguage":"es-ES","@id":"http:\/\/prayerspacesinschools.com\/fr\/#\/schema\/logo\/image\/","url":"http:\/\/prayerspacesinschools.com\/wp-content\/uploads\/2025\/07\/logo.svg","contentUrl":"http:\/\/prayerspacesinschools.com\/wp-content\/uploads\/2025\/07\/logo.svg","width":125,"height":93,"caption":"Prayer Spaces in Schools"},"image":{"@id":"http:\/\/prayerspacesinschools.com\/fr\/#\/schema\/logo\/image\/"}}]}},"_links":{"self":[{"href":"http:\/\/prayerspacesinschools.com\/es\/wp-json\/wp\/v2\/quote\/1413","targetHints":{"allow":["GET"]}}],"collection":[{"href":"http:\/\/prayerspacesinschools.com\/es\/wp-json\/wp\/v2\/quote"}],"about":[{"href":"http:\/\/prayerspacesinschools.com\/es\/wp-json\/wp\/v2\/types\/quote"}],"wp:attachment":[{"href":"http:\/\/prayerspacesinschools.com\/es\/wp-json\/wp\/v2\/media?parent=1413"}],"curies":[{"name":"wp","href":"https:\/\/api.w.org\/{rel}","templated":true}]}}